{"id":282,"date":"2025-10-02T21:47:31","date_gmt":"2025-10-02T21:47:31","guid":{"rendered":"https:\/\/saborcito.de\/?page_id=282"},"modified":"2025-10-02T21:49:58","modified_gmt":"2025-10-02T21:49:58","slug":"politica-de-privacidad","status":"publish","type":"page","link":"https:\/\/saborcito.de\/de\/politica-de-privacidad\/","title":{"rendered":"Datenschutzerkl\u00e4rung"},"content":{"rendered":"<p class=\"translation-block\">Willkommen bei <a href=\"\/\/saborcito.de\" target=\"_blank\" rel=\"noreferrer noopener\">https:\/\/saborcito.de<\/a> (die \u201eWebsite\u201c). Wir verstehen, dass der Online-Datenschutz f\u00fcr die Nutzer unserer Website wichtig ist, insbesondere bei der Durchf\u00fchrung von gesch\u00e4ftlichen Transaktionen. Diese Erkl\u00e4rung regelt unsere Datenschutzrichtlinien in Bezug auf jene Nutzer der Website (\u201eBesucher\u201c), die sie besuchen, ohne gesch\u00e4ftliche Transaktionen durchzuf\u00fchren, und auf jene Besucher, die sich registrieren, um gesch\u00e4ftliche Transaktionen auf der Website durchzuf\u00fchren und die verschiedenen von Saborcito angebotenen Dienstleistungen (zusammenfassend die <strong>\u201e<\/strong>Dienste<strong>\u201c<\/strong>) in Anspruch zu nehmen (\u201eautorisierte Kunden\u201c).<\/p>\n\n\n\n<h3 class=\"wp-block-heading\">\u201ePers\u00f6nlich identifizierbare Informationen\u201c<\/h3>\n\n\n\n<p>Bezieht sich auf alle Informationen, die zur Identifizierung, Kontaktaufnahme oder Lokalisierung der Person verwendet werden k\u00f6nnen, der diese Informationen geh\u00f6ren, einschlie\u00dflich, aber nicht beschr\u00e4nkt auf: Name, Adresse, Telefonnummer, Faxnummer, E-Mail-Adresse, Finanzprofil, Sozialversicherungsnummer und Kreditkarteninformationen. Pers\u00f6nlich identifizierbare Informationen umfassen keine Informationen, die anonym gesammelt werden (d. h. ohne Identifizierung des einzelnen Nutzers) oder demografische Informationen, die nicht mit einer identifizierten Person in Verbindung stehen.<\/p>\n\n\n\n<h3 class=\"wp-block-heading\">Welche pers\u00f6nlich identifizierbaren Informationen werden gesammelt?<\/h3>\n\n\n\n<p>Wir k\u00f6nnen grundlegende Benutzerprofilinformationen von all unseren Besuchern sammeln. Wir sammeln die folgenden zus\u00e4tzlichen Informationen von unseren autorisierten Kunden: den Namen, die E-Mail-Adresse und die Anschrift.<\/p>\n\n\n\n<h3 class=\"wp-block-heading\">Welche Organisationen sammeln die Informationen?<\/h3>\n\n\n\n<p>Zus\u00e4tzlich zu unserer direkten Erfassung von Informationen k\u00f6nnen unsere externen Dienstleister (wie Kreditkartenunternehmen, Clearingstellen und Banken), die m\u00f6glicherweise Kredit-, Versicherungs- und Treuhanddienstleistungen anbieten, diese Informationen von unseren Besuchern und autorisierten Kunden erfassen. Wir kontrollieren nicht, wie diese Dritten solche Informationen nutzen, aber wir bitten sie, offenzulegen, wie sie die pers\u00f6nlichen Informationen verwenden, die ihnen von Besuchern und autorisierten Kunden zur Verf\u00fcgung gestellt werden. Einige dieser Dritten k\u00f6nnen Vermittler sein, die lediglich als Glieder in der Vertriebskette fungieren und die ihnen zur Verf\u00fcgung gestellten Informationen nicht speichern, aufbewahren oder nutzen.<\/p>\n\n\n\n<h3 class=\"wp-block-heading\">Wie verwendet die Website die pers\u00f6nlich identifizierbaren Informationen?<\/h3>\n\n\n\n<p class=\"translation-block\">Wir verwenden die <strong>pers\u00f6nlich identifizierbaren Informationen<\/strong>, um die Website zu personalisieren, geeignete Dienstleistungen anzubieten und Kauf- und Verkaufsanfragen auf der Website zu erf\u00fcllen. Wir k\u00f6nnen E-Mails an Besucher und autorisierte Kunden \u00fcber Forschungs-, Kauf- und Verkaufsm\u00f6glichkeiten auf der Website oder \u00fcber Informationen, die sich auf das Thema der Website beziehen, senden. Wir k\u00f6nnen die pers\u00f6nlich identifizierbaren Informationen auch verwenden, um Besucher und autorisierte Kunden als Antwort auf spezifische Anfragen zu kontaktieren oder um die angeforderten Informationen bereitzustellen.<\/p>\n\n\n\n<h3 class=\"wp-block-heading\">Die Informationen k\u00f6nnen mit Gesch\u00e4ftspartnern, verbundenen Unternehmen und externen Dienstleistern geteilt werden.<\/h3>\n\n\n\n<p class=\"translation-block\">Die <strong>pers\u00f6nlich identifizierbaren Informationen<\/strong> \u00fcber autorisierte Kunden k\u00f6nnen mit anderen autorisierten Kunden geteilt werden, die potenzielle Transaktionen mit anderen autorisierten Kunden bewerten m\u00f6chten. Wir k\u00f6nnen aggregierte Informationen \u00fcber unsere Besucher, einschlie\u00dflich demografischer Daten unserer Besucher und autorisierten Kunden, mit unseren verbundenen Agenturen und externen Anbietern teilen. Wir bieten auch die M\u00f6glichkeit, sich gegen den Erhalt von Informationen oder die Kontaktaufnahme durch uns oder eine in unserem Namen handelnde Agentur zu <strong>\u201eentscheiden\u201c<\/strong> (Opt-out).<\/p>\n\n\n\n<h3 class=\"wp-block-heading\">Wie werden die pers\u00f6nlich identifizierbaren Informationen gespeichert?<\/h3>\n\n\n\n<p>\nPers\u00f6nlich identifizierbare Informationen, die von Saborcito gesammelt werden, werden sicher gespeichert und sind f\u00fcr Dritte oder Mitarbeiter von Saborcito nicht zug\u00e4nglich, au\u00dfer f\u00fcr die oben angegebene Nutzung.\n<\/p>\n\n\n\n<h3 class=\"wp-block-heading\">Welche M\u00f6glichkeiten haben die Besucher in Bezug auf die Erfassung, Nutzung und Verteilung der Informationen?<\/h3>\n\n\n\n<p>Besucher und autorisierte Kunden k\u00f6nnen sich daf\u00fcr entscheiden, keine unaufgeforderten Informationen von uns und\/oder unseren Anbietern und verbundenen Agenturen zu erhalten oder von ihnen kontaktiert zu werden, indem sie den Anweisungen in den E-Mails folgen oder uns unter saborcito.de@gmail.com kontaktieren.<\/p>\n\n\n\n<h3 class=\"wp-block-heading\">Cookies<\/h3>\n\n\n\n<p>Ein Cookie ist eine Informationskette, die Websites auf dem Computer der Besucher speichern und die der Website bei jedem Zugriff des Besuchers auf die Website \u00fcber den Browser des Besuchers zur Verf\u00fcgung gestellt wird.<\/p>\n\n\n\n<p>Utilizamos &#8220;cookies&#8221; para recopilar informaci\u00f3n. Puede indicar a su navegador que rechace todas las cookies o que indique cu\u00e1ndo se env\u00eda una cookie. Sin embargo, si no acepta las cookies, es posible que no pueda utilizar algunas partes de nuestro Servicio.<\/p>\n\n\n\n<h3 class=\"wp-block-heading\">Werden auf der Website \u201eCookies\u201c verwendet?<\/h3>\n\n\n\n<p>\nCookies werden aus verschiedenen Gr\u00fcnden verwendet. Wir verwenden Cookies, um Informationen \u00fcber die Pr\u00e4ferenzen unserer Besucher und die von ihnen ausgew\u00e4hlten Dienstleistungen zu erhalten. Wir verwenden Cookies auch aus Sicherheitsgr\u00fcnden, um unsere autorisierten Kunden zu sch\u00fctzen. Wenn sich beispielsweise ein autorisierter Kunde anmeldet und die Website l\u00e4nger als 10 Minuten nicht genutzt wird, melden wir den autorisierten Kunden automatisch ab. Besucher, die nicht m\u00f6chten, dass Cookies auf ihren Computern platziert werden, sollten ihre Browser so einstellen, dass sie Cookies ablehnen, bevor sie die Website nutzen.\n<\/p>\n\n\n\n<h3 class=\"wp-block-heading\">Von unseren Dienstleistern verwendete Cookies<\/h3>\n\n\n\n<p>Unsere Dienstleister verwenden Cookies, und diese Cookies k\u00f6nnen auf Ihrem Computer gespeichert werden, wenn Sie unsere Website besuchen. Weitere Einzelheiten dazu, welche Cookies verwendet werden, finden Sie auf unserer Seite mit den Cookie-Informationen.<\/p>\n\n\n\n<h3 class=\"wp-block-heading\">Wie verwendet Saborcito die Zugriffsdaten?<\/h3>\n\n\n\n<p>Saborcito verwendet Anmeldeinformationen, einschlie\u00dflich, aber nicht beschr\u00e4nkt auf IP-Adressen, Internetdienstanbieter (ISP), Browsertypen, Browserversionen, besuchte Seiten, Datum und Uhrzeit des Besuchs, um Trends zu analysieren, die Website zu verwalten, die Bewegung und Nutzung der Nutzer zu verfolgen und umfassende demografische Informationen zu sammeln.<\/p>\n\n\n\n<h3 class=\"wp-block-heading\">Welche Partner oder Dienstleister haben Zugriff auf die Informationen von Besuchern und\/oder autorisierten Kunden auf der Website?<\/h3>\n\n\n\n<p>Saborcito hat Partnerschaften und andere Zugeh\u00f6rigkeiten mit verschiedenen Anbietern etabliert und wird dies auch weiterhin tun. Solche Anbieter haben m\u00f6glicherweise nur dann Zugang zu bestimmten pers\u00f6nlich identifizierbaren Informationen, wenn dies zur Beurteilung der Eignung autorisierter Kunden f\u00fcr eine Dienstleistung erforderlich ist. Unsere Datenschutzerkl\u00e4rung deckt die Erfassung oder Nutzung dieser Informationen durch sie nicht ab.<\/p>\n\n\n\n<h3 class=\"wp-block-heading\">Wie werden die Informationen sicher gehalten?<\/h3>\n\n\n\n<p>Alle unsere Mitarbeiter sind mit unserer Sicherheitsrichtlinie und unseren Sicherheitspraktiken vertraut. Die pers\u00f6nlich identifizierbaren Informationen unserer Besucher und autorisierten Kunden sind nur f\u00fcr eine begrenzte Anzahl qualifizierter Mitarbeiter zug\u00e4nglich, denen ein Passwort zugewiesen wird, um Zugang zu den Informationen zu erhalten. Wir pr\u00fcfen unsere Sicherheitssysteme und -prozesse regelm\u00e4\u00dfig. Vertrauliche Informationen, wie Kreditkartennummern oder Sozialversicherungsnummern, sind durch Verschl\u00fcsselungsprotokolle gesch\u00fctzt, die implementiert wurden, um die \u00fcber das Internet gesendeten Informationen zu sch\u00fctzen. Obwohl wir wirtschaftlich vern\u00fcnftige Schritte unternehmen, um eine sichere Website zu gew\u00e4hrleisten, unterliegen elektronische Kommunikationen und Datenbanken Fehlern, Manipulationen und Eindringversuchen, weshalb wir nicht garantieren oder versichern k\u00f6nnen, dass solche Ereignisse nicht eintreten werden, und wir sind gegen\u00fcber Besuchern oder autorisierten Kunden f\u00fcr solche Vorkommnisse nicht haftbar.<\/p>\n\n\n\n<h3 class=\"wp-block-heading\">Wie k\u00f6nnen Besucher Ungenauigkeiten in den pers\u00f6nlich identifizierbaren Informationen korrigieren?<\/h3>\n\n\n\n<p>Besucher und autorisierte Kunden k\u00f6nnen uns kontaktieren, um ihre pers\u00f6nlich identifizierbaren Informationen zu aktualisieren. E-Mail-Kontakt: saborcito.de@gmail.com.<\/p>\n\n\n\n<h3 class=\"wp-block-heading\">Kann ein Besucher die von der Website gesammelten Informationen l\u00f6schen oder deaktivieren?<\/h3>\n\n\n\n<p>Wir bieten Besuchern und autorisierten Kunden einen Mechanismus, um die pers\u00f6nlich identifizierbaren Informationen aus der Datenbank der Website zu l\u00f6schen oder zu deaktivieren, indem sie uns kontaktieren. Aufgrund von Back-ups und L\u00f6schprotokollen kann es jedoch unm\u00f6glich sein, den Eintrag eines Besuchers zu l\u00f6schen, ohne bestimmte Restinformationen zu behalten. Eine Person, die die Deaktivierung ihrer pers\u00f6nlich identifizierbaren Informationen beantragt, wird feststellen, dass diese Informationen funktional gel\u00f6scht werden, und wir werden die pers\u00f6nlich identifizierbaren Informationen, die sich auf diese Person beziehen, in Zukunft nicht mehr verkaufen, \u00fcbertragen oder in irgendeiner Weise verwenden.<\/p>\n\n\n\n<h3 class=\"wp-block-heading\">Ihre Rechte<\/h3>\n\n\n\n<p>Dies sind Ihre zusammengefassten Rechte gem\u00e4\u00df dem Datenschutzrecht:<\/p>\n\n\n\n<ul class=\"wp-block-list\">\n<li>Recht auf Zugang<\/li>\n\n\n\n<li>Recht auf Berichtigung<\/li>\n\n\n\n<li>Das Recht auf L\u00f6schung<\/li>\n\n\n\n<li>Das Recht, die Verarbeitung einzuschr\u00e4nken<\/li>\n\n\n\n<li>Recht auf Widerspruch gegen die Verarbeitung<\/li>\n\n\n\n<li>Recht auf Daten\u00fcbertragbarkeit<\/li>\n\n\n\n<li>Das Recht, eine Beschwerde bei einer Aufsichtsbeh\u00f6rde einzureichen<\/li>\n\n\n\n<li>Das Recht, die Einwilligung zu widerrufen<\/li>\n<\/ul>\n\n\n\n<h3 class=\"wp-block-heading\">Datenschutz von Kindern<\/h3>\n\n\n\n<p>Unser Dienst richtet sich nicht an \u201eKinder\u201c, d. h. an Personen unter 18 Jahren, und wir sammeln wissentlich keine pers\u00f6nlich identifizierbaren Informationen von Kindern unter 18 Jahren.<\/p>\n\n\n\n<p>Wenn Sie ein Elternteil oder Erziehungsberechtigter sind und Kenntnis davon haben, dass Ihr Kind uns pers\u00f6nliche Informationen zur Verf\u00fcgung gestellt hat, kontaktieren Sie uns bitte umgehend \u00fcber die bereitgestellten Kontaktdaten. Sollten wir feststellen, dass uns Kinder unter 18 Jahren pers\u00f6nliche Informationen bereitgestellt haben, werden wir die Informationen umgehend von unseren Servern l\u00f6schen.<\/p>\n\n\n\n<h3 class=\"wp-block-heading\">Einhaltung der Gesetze<\/h3>\n\n\n\n<p>Offenlegung von pers\u00f6nlich identifizierbaren Informationen zur Einhaltung der Gesetze. Wir werden pers\u00f6nlich identifizierbare Informationen offenlegen, um einer gerichtlichen Anordnung, einer Vorladung oder einer Aufforderung einer Strafverfolgungsbeh\u00f6rde zur Offenlegung von Informationen nachzukommen. Wir werden auch pers\u00f6nlich identifizierbare Informationen offenlegen, wenn dies zumutbar ist, um die Sicherheit unserer Besucher und autorisierten Kunden zu sch\u00fctzen.<\/p>\n\n\n\n<h3 class=\"wp-block-heading\">Was passiert, wenn sich die Datenschutzerkl\u00e4rung \u00e4ndert?<\/h3>\n\n\n\n<p>Wir werden unsere Besucher und autorisierten Kunden \u00fcber \u00c4nderungen unserer Datenschutzerkl\u00e4rung informieren, indem wir diese \u00c4nderungen auf der Website ver\u00f6ffentlichen. Wenn wir jedoch unsere Datenschutzerkl\u00e4rung in einer Weise \u00e4ndern, die zur Offenlegung von pers\u00f6nlich identifizierbaren Informationen f\u00fchren k\u00f6nnte, deren Offenlegung ein Besucher oder autorisierter Kunde zuvor verlangt hatte, dass sie nicht offengelegt werden, werden wir uns mit diesem Besucher oder autorisierten Kunden in Verbindung setzen, um diesem Besucher oder autorisierten Kunden die M\u00f6glichkeit zu geben, eine solche Offenlegung zu verhindern.<\/p>\n\n\n\n<h3 class=\"wp-block-heading\">Kontaktieren Sie uns<\/h3>\n\n\n\n<p>Falls Sie Fragen zu dieser Datenschutzerkl\u00e4rung haben, kontaktieren Sie uns bitte unter saborcito.de@gmail.com.<\/p>\n\n\n\n<hr class=\"wp-block-separator has-css-opacity\"\/>\n\n\n\n<p>Letzte Aktualisierung: 2. Oktober 2025<\/p>","protected":false},"excerpt":{"rendered":"<p>Bienvenido a https:\/\/saborcito.de (el \u201cSitio\u201d). Entendemos que la privacidad en l\u00ednea es importante para los usuarios de nuestro Sitio, especialmente al realizar transacciones comerciales. Esta declaraci\u00f3n rige nuestras pol\u00edticas de privacidad con respecto a aquellos usuarios del Sitio (\u201cVisitantes\u201d) que lo visitan sin realizar transacciones comerciales y a los Visitantes que se registran para realizar [&hellip;]<\/p>\n","protected":false},"author":1,"featured_media":0,"parent":0,"menu_order":0,"comment_status":"closed","ping_status":"closed","template":"","meta":{"footnotes":""},"class_list":["post-282","page","type-page","status-publish","hentry"],"yoast_head":"<!-- This site is optimized with the Yoast SEO plugin v27.5 - https:\/\/yoast.com\/product\/yoast-seo-wordpress\/ -->\n<title>Pol\u00edtica de Privacidad - Saborcito<\/title>\n<meta name=\"robots\" content=\"index, follow, max-snippet:-1, max-image-preview:large, max-video-preview:-1\" \/>\n<link rel=\"canonical\" href=\"https:\/\/saborcito.de\/de\/politica-de-privacidad\/\" \/>\n<meta property=\"og:locale\" content=\"de_DE\" \/>\n<meta property=\"og:type\" content=\"article\" \/>\n<meta property=\"og:title\" content=\"Pol\u00edtica de Privacidad - Saborcito\" \/>\n<meta property=\"og:description\" content=\"Bienvenido a https:\/\/saborcito.de (el \u201cSitio\u201d). Entendemos que la privacidad en l\u00ednea es importante para los usuarios de nuestro Sitio, especialmente al realizar transacciones comerciales. Esta declaraci\u00f3n rige nuestras pol\u00edticas de privacidad con respecto a aquellos usuarios del Sitio (\u201cVisitantes\u201d) que lo visitan sin realizar transacciones comerciales y a los Visitantes que se registran para realizar [&hellip;]\" \/>\n<meta property=\"og:url\" content=\"https:\/\/saborcito.de\/de\/politica-de-privacidad\/\" \/>\n<meta property=\"og:site_name\" content=\"Saborcito\" \/>\n<meta property=\"article:modified_time\" content=\"2025-10-02T21:49:58+00:00\" \/>\n<meta name=\"twitter:card\" content=\"summary_large_image\" \/>\n<meta name=\"twitter:label1\" content=\"Gesch\u00e4tzte Lesezeit\" \/>\n\t<meta name=\"twitter:data1\" content=\"7\u00a0Minuten\" \/>\n<script type=\"application\/ld+json\" class=\"yoast-schema-graph\">{\"@context\":\"https:\\\/\\\/schema.org\",\"@graph\":[{\"@type\":\"WebPage\",\"@id\":\"https:\\\/\\\/saborcito.de\\\/politica-de-privacidad\\\/\",\"url\":\"https:\\\/\\\/saborcito.de\\\/politica-de-privacidad\\\/\",\"name\":\"Pol\u00edtica de Privacidad - Saborcito\",\"isPartOf\":{\"@id\":\"https:\\\/\\\/saborcito.de\\\/#website\"},\"datePublished\":\"2025-10-02T21:47:31+00:00\",\"dateModified\":\"2025-10-02T21:49:58+00:00\",\"breadcrumb\":{\"@id\":\"https:\\\/\\\/saborcito.de\\\/politica-de-privacidad\\\/#breadcrumb\"},\"inLanguage\":\"de\",\"potentialAction\":[{\"@type\":\"ReadAction\",\"target\":[\"https:\\\/\\\/saborcito.de\\\/politica-de-privacidad\\\/\"]}]},{\"@type\":\"BreadcrumbList\",\"@id\":\"https:\\\/\\\/saborcito.de\\\/politica-de-privacidad\\\/#breadcrumb\",\"itemListElement\":[{\"@type\":\"ListItem\",\"position\":1,\"name\":\"Home\",\"item\":\"https:\\\/\\\/saborcito.de\\\/de\\\/\"},{\"@type\":\"ListItem\",\"position\":2,\"name\":\"Pol\u00edtica de Privacidad\"}]},{\"@type\":\"WebSite\",\"@id\":\"https:\\\/\\\/saborcito.de\\\/#website\",\"url\":\"https:\\\/\\\/saborcito.de\\\/\",\"name\":\"Saborcito\",\"description\":\"\u00a1El sabor que extra\u00f1abas!\",\"publisher\":{\"@id\":\"https:\\\/\\\/saborcito.de\\\/#organization\"},\"potentialAction\":[{\"@type\":\"SearchAction\",\"target\":{\"@type\":\"EntryPoint\",\"urlTemplate\":\"https:\\\/\\\/saborcito.de\\\/?s={search_term_string}\"},\"query-input\":{\"@type\":\"PropertyValueSpecification\",\"valueRequired\":true,\"valueName\":\"search_term_string\"}}],\"inLanguage\":\"de\"},{\"@type\":\"Organization\",\"@id\":\"https:\\\/\\\/saborcito.de\\\/#organization\",\"name\":\"Saborcito\",\"url\":\"https:\\\/\\\/saborcito.de\\\/\",\"logo\":{\"@type\":\"ImageObject\",\"inLanguage\":\"de\",\"@id\":\"https:\\\/\\\/saborcito.de\\\/#\\\/schema\\\/logo\\\/image\\\/\",\"url\":\"https:\\\/\\\/saborcito.de\\\/wp-content\\\/uploads\\\/2025\\\/09\\\/Gemini_Generated_Image_u5txh9u5txh9u5tx.png\",\"contentUrl\":\"https:\\\/\\\/saborcito.de\\\/wp-content\\\/uploads\\\/2025\\\/09\\\/Gemini_Generated_Image_u5txh9u5txh9u5tx.png\",\"width\":1024,\"height\":330,\"caption\":\"Saborcito\"},\"image\":{\"@id\":\"https:\\\/\\\/saborcito.de\\\/#\\\/schema\\\/logo\\\/image\\\/\"}}]}<\/script>\n<!-- \/ Yoast SEO plugin. -->","yoast_head_json":{"title":"Pol\u00edtica de Privacidad - Saborcito","robots":{"index":"index","follow":"follow","max-snippet":"max-snippet:-1","max-image-preview":"max-image-preview:large","max-video-preview":"max-video-preview:-1"},"canonical":"https:\/\/saborcito.de\/de\/politica-de-privacidad\/","og_locale":"de_DE","og_type":"article","og_title":"Pol\u00edtica de Privacidad - Saborcito","og_description":"Bienvenido a https:\/\/saborcito.de (el \u201cSitio\u201d). Entendemos que la privacidad en l\u00ednea es importante para los usuarios de nuestro Sitio, especialmente al realizar transacciones comerciales. Esta declaraci\u00f3n rige nuestras pol\u00edticas de privacidad con respecto a aquellos usuarios del Sitio (\u201cVisitantes\u201d) que lo visitan sin realizar transacciones comerciales y a los Visitantes que se registran para realizar [&hellip;]","og_url":"https:\/\/saborcito.de\/de\/politica-de-privacidad\/","og_site_name":"Saborcito","article_modified_time":"2025-10-02T21:49:58+00:00","twitter_card":"summary_large_image","twitter_misc":{"Gesch\u00e4tzte Lesezeit":"7\u00a0Minuten"},"schema":{"@context":"https:\/\/schema.org","@graph":[{"@type":"WebPage","@id":"https:\/\/saborcito.de\/politica-de-privacidad\/","url":"https:\/\/saborcito.de\/politica-de-privacidad\/","name":"Pol\u00edtica de Privacidad - Saborcito","isPartOf":{"@id":"https:\/\/saborcito.de\/#website"},"datePublished":"2025-10-02T21:47:31+00:00","dateModified":"2025-10-02T21:49:58+00:00","breadcrumb":{"@id":"https:\/\/saborcito.de\/politica-de-privacidad\/#breadcrumb"},"inLanguage":"de","potentialAction":[{"@type":"ReadAction","target":["https:\/\/saborcito.de\/politica-de-privacidad\/"]}]},{"@type":"BreadcrumbList","@id":"https:\/\/saborcito.de\/politica-de-privacidad\/#breadcrumb","itemListElement":[{"@type":"ListItem","position":1,"name":"Home","item":"https:\/\/saborcito.de\/de\/"},{"@type":"ListItem","position":2,"name":"Pol\u00edtica de Privacidad"}]},{"@type":"WebSite","@id":"https:\/\/saborcito.de\/#website","url":"https:\/\/saborcito.de\/","name":"Saborcito","description":"\u00a1El sabor que extra\u00f1abas!","publisher":{"@id":"https:\/\/saborcito.de\/#organization"},"potentialAction":[{"@type":"SearchAction","target":{"@type":"EntryPoint","urlTemplate":"https:\/\/saborcito.de\/?s={search_term_string}"},"query-input":{"@type":"PropertyValueSpecification","valueRequired":true,"valueName":"search_term_string"}}],"inLanguage":"de"},{"@type":"Organization","@id":"https:\/\/saborcito.de\/#organization","name":"Saborcito","url":"https:\/\/saborcito.de\/","logo":{"@type":"ImageObject","inLanguage":"de","@id":"https:\/\/saborcito.de\/#\/schema\/logo\/image\/","url":"https:\/\/saborcito.de\/wp-content\/uploads\/2025\/09\/Gemini_Generated_Image_u5txh9u5txh9u5tx.png","contentUrl":"https:\/\/saborcito.de\/wp-content\/uploads\/2025\/09\/Gemini_Generated_Image_u5txh9u5txh9u5tx.png","width":1024,"height":330,"caption":"Saborcito"},"image":{"@id":"https:\/\/saborcito.de\/#\/schema\/logo\/image\/"}}]}},"jetpack_sharing_enabled":true,"_links":{"self":[{"href":"https:\/\/saborcito.de\/de\/wp-json\/wp\/v2\/pages\/282","targetHints":{"allow":["GET"]}}],"collection":[{"href":"https:\/\/saborcito.de\/de\/wp-json\/wp\/v2\/pages"}],"about":[{"href":"https:\/\/saborcito.de\/de\/wp-json\/wp\/v2\/types\/page"}],"author":[{"embeddable":true,"href":"https:\/\/saborcito.de\/de\/wp-json\/wp\/v2\/users\/1"}],"replies":[{"embeddable":true,"href":"https:\/\/saborcito.de\/de\/wp-json\/wp\/v2\/comments?post=282"}],"version-history":[{"count":3,"href":"https:\/\/saborcito.de\/de\/wp-json\/wp\/v2\/pages\/282\/revisions"}],"predecessor-version":[{"id":286,"href":"https:\/\/saborcito.de\/de\/wp-json\/wp\/v2\/pages\/282\/revisions\/286"}],"wp:attachment":[{"href":"https:\/\/saborcito.de\/de\/wp-json\/wp\/v2\/media?parent=282"}],"curies":[{"name":"wp","href":"https:\/\/api.w.org\/{rel}","templated":true}]}}